{"id":380,"date":"2019-04-28T11:24:00","date_gmt":"2019-04-28T11:24:00","guid":{"rendered":"https:\/\/dialogbrhv.de\/?page_id=380"},"modified":"2021-08-02T11:36:09","modified_gmt":"2021-08-02T09:36:09","slug":"pressemitteilungen","status":"publish","type":"page","link":"https:\/\/dialogbrhv.de\/index.php\/pressemitteilungen\/","title":{"rendered":"Pressemitteilungen"},"content":{"rendered":"<style>.wp-show-posts-columns#wpsp-1413 {margin-left: -2em; }.wp-show-posts-columns#wpsp-1413 .wp-show-posts-inner {margin: 0 0 2em 2em; }<\/style><section id=\"wpsp-1413\" class=\" wp-show-posts-columns wp-show-posts\" style=\"\"><article class=\" wp-show-posts-single post-2735 post type-post status-publish format-standard has-post-thumbnail hentry category-aktuelles category-presse wpsp-col-4\" itemtype=\"http:\/\/schema.org\/CreativeWork\" itemscope><div class=\"wp-show-posts-inner\" style=\"\">\t\t\t\t\t\t<header class=\"wp-show-posts-entry-header\">\n\t\t\t\t\t\t\t<h2 class=\"wp-show-posts-entry-title\" itemprop=\"headline\"><a href=\"https:\/\/dialogbrhv.de\/index.php\/2025\/02\/15\/ein-neuer-vorstand-wurde-gewaehlt-2\/\" rel=\"bookmark\">Ein neuer Vorstand wurde gew\u00e4hlt!<\/a><\/h2><div class=\"wp-show-posts-entry-meta wp-show-posts-entry-meta-below-title post-meta-inline\"><span class=\"wp-show-posts-posted-on wp-show-posts-meta\">\n\t\t\t\t\t<a href=\"https:\/\/dialogbrhv.de\/index.php\/2025\/02\/15\/ein-neuer-vorstand-wurde-gewaehlt-2\/\" title=\"20:14\" rel=\"bookmark\"><time class=\"wp-show-posts-entry-date published\" datetime=\"2025-02-15T20:14:00+01:00\" itemprop=\"datePublished\">15. Februar 2025<\/time><time class=\"wp-show-posts-updated\" datetime=\"2025-02-17T20:25:30+01:00\" itemprop=\"dateModified\">17. Februar 2025<\/time><\/a>\n\t\t\t\t<\/span><\/div>\t\t\t\t\t\t<\/header><!-- .entry-header -->\n\t\t\t\t\t\t\t<div class=\"wp-show-posts-image  wpsp-image-center \">\n\t\t\t<a href=\"https:\/\/dialogbrhv.de\/index.php\/2025\/02\/15\/ein-neuer-vorstand-wurde-gewaehlt-2\/\"  title=\"Ein neuer Vorstand wurde gew\u00e4hlt!\"><img width=\"210\" height=\"210\" src=\"https:\/\/dialogbrhv.de\/wp-content\/uploads\/2022\/03\/dialog_logo_300dpi.svg\" class=\"attachment-full size-full wp-post-image\" alt=\"Dialog - Verein f\u00fcr gleiche Rechte e. V.\" loading=\"lazy\" itemprop=\"image\" \/><\/a>\t\t<\/div>\n\t\t\t\t\t\t\t\t<div class=\"wp-show-posts-entry-summary\" itemprop=\"text\">\n\t\t\t\t\t\t\t<p>Der Verein hat einen neuen Vorstand.<br \/>\nAm 01.02.2025 fand die Jahreshauptversammlung des Dialog \u2013 Verein f\u00fcr gleiche Rechte e.V. statt. Der Verein setzt sich seit vielen Jahrzehnten ehrenamtlich in Bremerhaven f\u00fcr die Gleichberechtigung und die Integration aller Menschen in der Stadt ein. Beispielsweise durch die Mitorganisation zahlreicher Veranstaltungen und Kundgebungen, Benefizveranstaltungen, ehrenamtlicher Kurse und Aktivit\u00e4ten f\u00fcr Kinder und Jugendliche.<\/p>\n\t\t\t\t\t\t<\/div><!-- .entry-summary -->\n\t\t\t\t\t<div class=\"wpsp-read-more\"><a title=\"Ein neuer Vorstand wurde gew\u00e4hlt!\" class=\"wp-show-posts-read-more\" href=\"https:\/\/dialogbrhv.de\/index.php\/2025\/02\/15\/ein-neuer-vorstand-wurde-gewaehlt-2\/\">weiterlesen<\/a><\/div><\/div><!-- wp-show-posts-inner --><\/article><article class=\" wp-show-posts-single post-2717 post type-post status-publish format-standard has-post-thumbnail hentry category-aktuelles category-presse wpsp-col-4\" itemtype=\"http:\/\/schema.org\/CreativeWork\" itemscope><div class=\"wp-show-posts-inner\" style=\"\">\t\t\t\t\t\t<header class=\"wp-show-posts-entry-header\">\n\t\t\t\t\t\t\t<h2 class=\"wp-show-posts-entry-title\" itemprop=\"headline\"><a href=\"https:\/\/dialogbrhv.de\/index.php\/2024\/01\/25\/aufstehen-gegen-rechts-fuer-gleiche-rechte-menschlichkeit-und-dialog\/\" rel=\"bookmark\">Aufstehen gegen Rechts! F\u00fcr gleiche Rechte, Menschlichkeit und Dialog!<\/a><\/h2><div class=\"wp-show-posts-entry-meta wp-show-posts-entry-meta-below-title post-meta-inline\"><span class=\"wp-show-posts-posted-on wp-show-posts-meta\">\n\t\t\t\t\t<a href=\"https:\/\/dialogbrhv.de\/index.php\/2024\/01\/25\/aufstehen-gegen-rechts-fuer-gleiche-rechte-menschlichkeit-und-dialog\/\" title=\"20:04\" rel=\"bookmark\"><time class=\"wp-show-posts-entry-date published\" datetime=\"2024-01-25T20:04:00+01:00\" itemprop=\"datePublished\">25. Januar 2024<\/time><time class=\"wp-show-posts-updated\" datetime=\"2024-01-27T20:23:15+01:00\" itemprop=\"dateModified\">27. Januar 2024<\/time><\/a>\n\t\t\t\t<\/span><\/div>\t\t\t\t\t\t<\/header><!-- .entry-header -->\n\t\t\t\t\t\t\t<div class=\"wp-show-posts-image  wpsp-image-center \">\n\t\t\t<a href=\"https:\/\/dialogbrhv.de\/index.php\/2024\/01\/25\/aufstehen-gegen-rechts-fuer-gleiche-rechte-menschlichkeit-und-dialog\/\"  title=\"Aufstehen gegen Rechts! F\u00fcr gleiche Rechte, Menschlichkeit und Dialog!\"><img width=\"210\" height=\"210\" src=\"https:\/\/dialogbrhv.de\/wp-content\/uploads\/2022\/03\/dialog_logo_300dpi.svg\" class=\"attachment-full size-full wp-post-image\" alt=\"Dialog - Verein f\u00fcr gleiche Rechte e. V.\" loading=\"lazy\" itemprop=\"image\" \/><\/a>\t\t<\/div>\n\t\t\t\t\t\t\t\t<div class=\"wp-show-posts-entry-summary\" itemprop=\"text\">\n\t\t\t\t\t\t\t<p>Der DIALOG &#8211; Verein f\u00fcr gleiche Rechte ruft auf zur Teilnahme an der Kundgebung<br \/>\n&#8222;Aufstehen gegen Rechts!&#8220; des B\u00fcndnisses &#8222;Bremerhaven bleibt bunt!&#8220; &#8211; am Sonntag, den 28.01.2024 um 15:00 Uhr auf dem Theodor-Heuss-Platz.<\/p>\n<p>Presseerkl\u00e4rung<\/p>\n\t\t\t\t\t\t<\/div><!-- .entry-summary -->\n\t\t\t\t\t<div class=\"wpsp-read-more\"><a title=\"Aufstehen gegen Rechts! F\u00fcr gleiche Rechte, Menschlichkeit und Dialog!\" class=\"wp-show-posts-read-more\" href=\"https:\/\/dialogbrhv.de\/index.php\/2024\/01\/25\/aufstehen-gegen-rechts-fuer-gleiche-rechte-menschlichkeit-und-dialog\/\">weiterlesen<\/a><\/div><\/div><!-- wp-show-posts-inner --><\/article><article class=\" wp-show-posts-single post-2708 post type-post status-publish format-standard has-post-thumbnail hentry category-aktuelles category-presse wpsp-col-4\" itemtype=\"http:\/\/schema.org\/CreativeWork\" itemscope><div class=\"wp-show-posts-inner\" style=\"\">\t\t\t\t\t\t<header class=\"wp-show-posts-entry-header\">\n\t\t\t\t\t\t\t<h2 class=\"wp-show-posts-entry-title\" itemprop=\"headline\"><a href=\"https:\/\/dialogbrhv.de\/index.php\/2024\/01\/24\/aufstehen-gegen-rechts\/\" rel=\"bookmark\">Aufstehen gegen Rechts!<\/a><\/h2><div class=\"wp-show-posts-entry-meta wp-show-posts-entry-meta-below-title post-meta-inline\"><span class=\"wp-show-posts-posted-on wp-show-posts-meta\">\n\t\t\t\t\t<a href=\"https:\/\/dialogbrhv.de\/index.php\/2024\/01\/24\/aufstehen-gegen-rechts\/\" title=\"16:15\" rel=\"bookmark\"><time class=\"wp-show-posts-entry-date published\" datetime=\"2024-01-24T16:15:00+01:00\" itemprop=\"datePublished\">24. Januar 2024<\/time><time class=\"wp-show-posts-updated\" datetime=\"2024-01-25T21:10:24+01:00\" itemprop=\"dateModified\">25. Januar 2024<\/time><\/a>\n\t\t\t\t<\/span><\/div>\t\t\t\t\t\t<\/header><!-- .entry-header -->\n\t\t\t\t\t\t\t<div class=\"wp-show-posts-image  wpsp-image-center \">\n\t\t\t<a href=\"https:\/\/dialogbrhv.de\/index.php\/2024\/01\/24\/aufstehen-gegen-rechts\/\"  title=\"Aufstehen gegen Rechts!\"><img width=\"210\" height=\"210\" src=\"https:\/\/dialogbrhv.de\/wp-content\/uploads\/2022\/03\/dialog_logo_300dpi.svg\" class=\"attachment-full size-full wp-post-image\" alt=\"Dialog - Verein f\u00fcr gleiche Rechte e. V.\" loading=\"lazy\" itemprop=\"image\" \/><\/a>\t\t<\/div>\n\t\t\t\t\t\t\t\t<div class=\"wp-show-posts-entry-summary\" itemprop=\"text\">\n\t\t\t\t\t\t\t<p>Bremerhaven bleibt bunt f\u00fcr Demokratie \u2013 seid dabei am 28.01.2024 um 15:00 Uhr am Theodor-Heuss-Platz in Bremerhaven!<\/p>\n\t\t\t\t\t\t<\/div><!-- .entry-summary -->\n\t\t\t\t\t<div class=\"wpsp-read-more\"><a title=\"Aufstehen gegen Rechts!\" class=\"wp-show-posts-read-more\" href=\"https:\/\/dialogbrhv.de\/index.php\/2024\/01\/24\/aufstehen-gegen-rechts\/\">weiterlesen<\/a><\/div><\/div><!-- wp-show-posts-inner --><\/article><article class=\" wp-show-posts-single post-2701 post type-post status-publish format-standard has-post-thumbnail hentry category-aktuelles category-presse wpsp-col-4\" itemtype=\"http:\/\/schema.org\/CreativeWork\" itemscope><div class=\"wp-show-posts-inner\" style=\"\">\t\t\t\t\t\t<header class=\"wp-show-posts-entry-header\">\n\t\t\t\t\t\t\t<h2 class=\"wp-show-posts-entry-title\" itemprop=\"headline\"><a href=\"https:\/\/dialogbrhv.de\/index.php\/2023\/12\/10\/ein-neuer-vorstand-wurde-gewaehlt\/\" rel=\"bookmark\">Ein neuer Vorstand wurde gew\u00e4hlt!<\/a><\/h2><div class=\"wp-show-posts-entry-meta wp-show-posts-entry-meta-below-title post-meta-inline\"><span class=\"wp-show-posts-posted-on wp-show-posts-meta\">\n\t\t\t\t\t<a href=\"https:\/\/dialogbrhv.de\/index.php\/2023\/12\/10\/ein-neuer-vorstand-wurde-gewaehlt\/\" title=\"21:29\" rel=\"bookmark\"><time class=\"wp-show-posts-entry-date published\" datetime=\"2023-12-10T21:29:14+01:00\" itemprop=\"datePublished\">10. Dezember 2023<\/time><time class=\"wp-show-posts-updated\" datetime=\"2023-12-10T21:39:08+01:00\" itemprop=\"dateModified\">10. Dezember 2023<\/time><\/a>\n\t\t\t\t<\/span><\/div>\t\t\t\t\t\t<\/header><!-- .entry-header -->\n\t\t\t\t\t\t\t<div class=\"wp-show-posts-image  wpsp-image-center \">\n\t\t\t<a href=\"https:\/\/dialogbrhv.de\/index.php\/2023\/12\/10\/ein-neuer-vorstand-wurde-gewaehlt\/\"  title=\"Ein neuer Vorstand wurde gew\u00e4hlt!\"><img width=\"210\" height=\"210\" src=\"https:\/\/dialogbrhv.de\/wp-content\/uploads\/2022\/03\/dialog_logo_300dpi.svg\" class=\"attachment-full size-full wp-post-image\" alt=\"Dialog - Verein f\u00fcr gleiche Rechte e. V.\" loading=\"lazy\" itemprop=\"image\" \/><\/a>\t\t<\/div>\n\t\t\t\t\t\t\t\t<div class=\"wp-show-posts-entry-summary\" itemprop=\"text\">\n\t\t\t\t\t\t\t<p>Interkultureller Verein DIALOG mit neuem Vorstand &#8211; Der interkulturelle DIALOG &#8211; Verein f\u00fcr gleiche Rechte blickte auf seiner gutbesuchten Jahreshauptversammlung am 9.12. auf das Vereinsleben und Veranstaltungen des zu Ende gehenden Jahres zur\u00fcck. Von Kinderaktivit\u00e4ten, Solidarit\u00e4tsaktionen f\u00fcr Gefl\u00fcchtete, Friedensdemos, Sport und G\u00e4rtnern auf dem Vereinsgel\u00e4nde, Auszeichnung mit dem Diasporapreis f\u00fcr besonderes Engagement bis zum j\u00e4hrlichen Open air &#8211; Solidarit\u00e4tsfest des Vereins zeigt sich, was die Vereinsmitglieder antreibt: Eine andere Welt ist n\u00f6tig. Eine andere Welt ist m\u00f6glich.<\/p>\n\t\t\t\t\t\t<\/div><!-- .entry-summary -->\n\t\t\t\t\t<div class=\"wpsp-read-more\"><a title=\"Ein neuer Vorstand wurde gew\u00e4hlt!\" class=\"wp-show-posts-read-more\" href=\"https:\/\/dialogbrhv.de\/index.php\/2023\/12\/10\/ein-neuer-vorstand-wurde-gewaehlt\/\">weiterlesen<\/a><\/div><\/div><!-- wp-show-posts-inner --><\/article><article class=\" wp-show-posts-single post-2655 post type-post status-publish format-standard has-post-thumbnail hentry category-aktuelles category-presse wpsp-col-4\" itemtype=\"http:\/\/schema.org\/CreativeWork\" itemscope><div class=\"wp-show-posts-inner\" style=\"\">\t\t\t\t\t\t<header class=\"wp-show-posts-entry-header\">\n\t\t\t\t\t\t\t<h2 class=\"wp-show-posts-entry-title\" itemprop=\"headline\"><a href=\"https:\/\/dialogbrhv.de\/index.php\/2022\/10\/21\/ausstellung-im-dialog-fern-der-heimat-verwurzelt\/\" rel=\"bookmark\">Ausstellung im DIALOG: <br>&#8222;Fern der Heimat verwurzelt&#8220;<\/a><\/h2><div class=\"wp-show-posts-entry-meta wp-show-posts-entry-meta-below-title post-meta-inline\"><span class=\"wp-show-posts-posted-on wp-show-posts-meta\">\n\t\t\t\t\t<a href=\"https:\/\/dialogbrhv.de\/index.php\/2022\/10\/21\/ausstellung-im-dialog-fern-der-heimat-verwurzelt\/\" title=\"17:43\" rel=\"bookmark\"><time class=\"wp-show-posts-entry-date published\" datetime=\"2022-10-21T17:43:54+02:00\" itemprop=\"datePublished\">21. Oktober 2022<\/time><time class=\"wp-show-posts-updated\" datetime=\"2022-10-21T17:44:05+02:00\" itemprop=\"dateModified\">21. Oktober 2022<\/time><\/a>\n\t\t\t\t<\/span><\/div>\t\t\t\t\t\t<\/header><!-- .entry-header -->\n\t\t\t\t\t\t\t<div class=\"wp-show-posts-image  wpsp-image-center \">\n\t\t\t<a href=\"https:\/\/dialogbrhv.de\/index.php\/2022\/10\/21\/ausstellung-im-dialog-fern-der-heimat-verwurzelt\/\"  title=\"Ausstellung im DIALOG: &#8222;Fern der Heimat verwurzelt&#8220;\"><img width=\"210\" height=\"210\" src=\"https:\/\/dialogbrhv.de\/wp-content\/uploads\/2022\/03\/dialog_logo_300dpi.svg\" class=\"attachment-full size-full wp-post-image\" alt=\"Dialog - Verein f\u00fcr gleiche Rechte e. V.\" loading=\"lazy\" itemprop=\"image\" \/><\/a>\t\t<\/div>\n\t\t\t\t\t\t\t\t<div class=\"wp-show-posts-entry-summary\" itemprop=\"text\">\n\t\t\t\t\t\t\t<p>Frauen der 1. Generation t\u00fcrkischer Gastarbeiterinnenin Bremerhaven<\/p>\n\t\t\t\t\t\t<\/div><!-- .entry-summary -->\n\t\t\t\t\t<div class=\"wpsp-read-more\"><a title=\"Ausstellung im DIALOG: &#8222;Fern der Heimat verwurzelt&#8220;\" class=\"wp-show-posts-read-more\" href=\"https:\/\/dialogbrhv.de\/index.php\/2022\/10\/21\/ausstellung-im-dialog-fern-der-heimat-verwurzelt\/\">weiterlesen<\/a><\/div><\/div><!-- wp-show-posts-inner --><\/article><article class=\" wp-show-posts-single post-2643 post type-post status-publish format-standard has-post-thumbnail hentry category-aktuelles category-presse wpsp-col-4\" itemtype=\"http:\/\/schema.org\/CreativeWork\" itemscope><div class=\"wp-show-posts-inner\" style=\"\">\t\t\t\t\t\t<header class=\"wp-show-posts-entry-header\">\n\t\t\t\t\t\t\t<h2 class=\"wp-show-posts-entry-title\" itemprop=\"headline\"><a href=\"https:\/\/dialogbrhv.de\/index.php\/2022\/09\/26\/diaspora-preis\/\" rel=\"bookmark\">Bremer Diaspora Preis<\/a><\/h2><div class=\"wp-show-posts-entry-meta wp-show-posts-entry-meta-below-title post-meta-inline\"><span class=\"wp-show-posts-posted-on wp-show-posts-meta\">\n\t\t\t\t\t<a href=\"https:\/\/dialogbrhv.de\/index.php\/2022\/09\/26\/diaspora-preis\/\" title=\"20:06\" rel=\"bookmark\"><time class=\"wp-show-posts-entry-date published\" datetime=\"2022-09-26T20:06:06+02:00\" itemprop=\"datePublished\">26. September 2022<\/time><time class=\"wp-show-posts-updated\" datetime=\"2022-09-26T20:13:05+02:00\" itemprop=\"dateModified\">26. September 2022<\/time><\/a>\n\t\t\t\t<\/span><\/div>\t\t\t\t\t\t<\/header><!-- .entry-header -->\n\t\t\t\t\t\t\t<div class=\"wp-show-posts-image  wpsp-image-center \">\n\t\t\t<a href=\"https:\/\/dialogbrhv.de\/index.php\/2022\/09\/26\/diaspora-preis\/\"  title=\"Bremer Diaspora Preis\"><img width=\"210\" height=\"210\" src=\"https:\/\/dialogbrhv.de\/wp-content\/uploads\/2022\/03\/dialog_logo_300dpi.svg\" class=\"attachment-full size-full wp-post-image\" alt=\"Dialog - Verein f\u00fcr gleiche Rechte e. V.\" loading=\"lazy\" itemprop=\"image\" \/><\/a>\t\t<\/div>\n\t\t\t\t\t\t\t\t<div class=\"wp-show-posts-entry-summary\" itemprop=\"text\">\n\t\t\t\t\t\t\t<p><B>DIALOG-Verein f\u00fcr gleiche Rechte<br \/>\nerh\u00e4lt Bremer Diasporapreis!<\/B><\/p>\n<p>DIALOG-Verein f\u00fcr gleiche Rechte freut sich \u00fcber die am Wochenende erfolgte Auszeichnung mit dem Bremer Diasporapreis 2022. Unser seit den 80er Jahren in Bremerhaven t\u00e4tiger Verein hat sich erstmals um den Bremer Preis f\u00fcr besonderes Engagement beworben. Die Preisverleihung erfolgte in der Kategorie PORT OF SOLIDARITY (Extrapreis f\u00fcr Bremerhaven).<\/p>\n\t\t\t\t\t\t<\/div><!-- .entry-summary -->\n\t\t\t\t\t<div class=\"wpsp-read-more\"><a title=\"Bremer Diaspora Preis\" class=\"wp-show-posts-read-more\" href=\"https:\/\/dialogbrhv.de\/index.php\/2022\/09\/26\/diaspora-preis\/\">weiterlesen<\/a><\/div><\/div><!-- wp-show-posts-inner --><\/article><article class=\" wp-show-posts-single post-2606 post type-post status-publish format-standard has-post-thumbnail hentry category-presse wpsp-col-4\" itemtype=\"http:\/\/schema.org\/CreativeWork\" itemscope><div class=\"wp-show-posts-inner\" style=\"\">\t\t\t\t\t\t<header class=\"wp-show-posts-entry-header\">\n\t\t\t\t\t\t\t<h2 class=\"wp-show-posts-entry-title\" itemprop=\"headline\"><a href=\"https:\/\/dialogbrhv.de\/index.php\/2022\/06\/17\/presseinfo-zum-weltfluechtlingstag\/\" rel=\"bookmark\">Presseinfo zum Weltfl\u00fcchtlingstag<\/a><\/h2><div class=\"wp-show-posts-entry-meta wp-show-posts-entry-meta-below-title post-meta-inline\"><span class=\"wp-show-posts-posted-on wp-show-posts-meta\">\n\t\t\t\t\t<a href=\"https:\/\/dialogbrhv.de\/index.php\/2022\/06\/17\/presseinfo-zum-weltfluechtlingstag\/\" title=\"17:37\" rel=\"bookmark\"><time class=\"wp-show-posts-entry-date published\" datetime=\"2022-06-17T17:37:00+02:00\" itemprop=\"datePublished\">17. Juni 2022<\/time><time class=\"wp-show-posts-updated\" datetime=\"2022-10-21T17:37:39+02:00\" itemprop=\"dateModified\">21. Oktober 2022<\/time><\/a>\n\t\t\t\t<\/span><\/div>\t\t\t\t\t\t<\/header><!-- .entry-header -->\n\t\t\t\t\t\t\t<div class=\"wp-show-posts-image  wpsp-image-center \">\n\t\t\t<a href=\"https:\/\/dialogbrhv.de\/index.php\/2022\/06\/17\/presseinfo-zum-weltfluechtlingstag\/\"  title=\"Presseinfo zum Weltfl\u00fcchtlingstag\"><img width=\"210\" height=\"210\" src=\"https:\/\/dialogbrhv.de\/wp-content\/uploads\/2022\/03\/dialog_logo_300dpi.svg\" class=\"attachment-full size-full wp-post-image\" alt=\"Dialog - Verein f\u00fcr gleiche Rechte e. V.\" loading=\"lazy\" itemprop=\"image\" \/><\/a>\t\t<\/div>\n\t\t\t\t\t\t\t\t<div class=\"wp-show-posts-entry-summary\" itemprop=\"text\">\n\t\t\t\t\t\t\t<p>&#8222;Lass sie rein! Lass sie alle rein!&#8220;<br \/>\n(Liedermacher Stoppok)<br \/>\nDie vergangenen Wochen haben gezeigt, dass Europa das kann: Viele Fl\u00fcchtende<br \/>\ngleichzeitig aufnehmen, menschenw\u00fcrdig unterbringen, versorgen, ihnen Bildung und<br \/>\nArbeit anbieten. Traurig ist, dass dieser Beweis von Humanit\u00e4t erst im Laufe eines erneuten<br \/>\nKrieges auf europ\u00e4ischem Boden erfolgte<\/p>\n\t\t\t\t\t\t<\/div><!-- .entry-summary -->\n\t\t\t\t\t<div class=\"wpsp-read-more\"><a title=\"Presseinfo zum Weltfl\u00fcchtlingstag\" class=\"wp-show-posts-read-more\" href=\"https:\/\/dialogbrhv.de\/index.php\/2022\/06\/17\/presseinfo-zum-weltfluechtlingstag\/\">weiterlesen<\/a><\/div><\/div><!-- wp-show-posts-inner --><\/article><article class=\" wp-show-posts-single post-2597 post type-post status-publish format-standard has-post-thumbnail hentry category-aktuelles category-presse wpsp-col-4\" itemtype=\"http:\/\/schema.org\/CreativeWork\" itemscope><div class=\"wp-show-posts-inner\" style=\"\">\t\t\t\t\t\t<header class=\"wp-show-posts-entry-header\">\n\t\t\t\t\t\t\t<h2 class=\"wp-show-posts-entry-title\" itemprop=\"headline\"><a href=\"https:\/\/dialogbrhv.de\/index.php\/2022\/05\/31\/neuer-vorstand\/\" rel=\"bookmark\">Es gibt einen neuen Vorstand !<\/a><\/h2><div class=\"wp-show-posts-entry-meta wp-show-posts-entry-meta-below-title post-meta-inline\"><span class=\"wp-show-posts-posted-on wp-show-posts-meta\">\n\t\t\t\t\t<a href=\"https:\/\/dialogbrhv.de\/index.php\/2022\/05\/31\/neuer-vorstand\/\" title=\"21:48\" rel=\"bookmark\"><time class=\"wp-show-posts-entry-date published\" datetime=\"2022-05-31T21:48:04+02:00\" itemprop=\"datePublished\">31. Mai 2022<\/time><time class=\"wp-show-posts-updated\" datetime=\"2023-12-10T21:34:49+01:00\" itemprop=\"dateModified\">10. Dezember 2023<\/time><\/a>\n\t\t\t\t<\/span><\/div>\t\t\t\t\t\t<\/header><!-- .entry-header -->\n\t\t\t\t\t\t\t<div class=\"wp-show-posts-image  wpsp-image-center \">\n\t\t\t<a href=\"https:\/\/dialogbrhv.de\/index.php\/2022\/05\/31\/neuer-vorstand\/\"  title=\"Es gibt einen neuen Vorstand !\"><img width=\"210\" height=\"210\" src=\"https:\/\/dialogbrhv.de\/wp-content\/uploads\/2022\/03\/dialog_logo_300dpi.svg\" class=\"attachment-full size-full wp-post-image\" alt=\"Dialog - Verein f\u00fcr gleiche Rechte e. V.\" loading=\"lazy\" itemprop=\"image\" \/><\/a>\t\t<\/div>\n\t\t\t\t\t\t\t\t<div class=\"wp-show-posts-entry-summary\" itemprop=\"text\">\n\t\t\t\t\t\t\t<p>Im Dialog &#8211; vielf\u00e4ltig und solidarisch <br \/>In der diesj\u00e4hrigen Jahreshauptversammlung am 29.05. konnte der DIALOG-Verein f\u00fcr gleicheRechte &#8211; trotz Corona-Schlie\u00dfungszeiten &#8211; auf zahlreiche Aktivit\u00e4ten zur\u00fcckblicken<\/p>\n\t\t\t\t\t\t<\/div><!-- .entry-summary -->\n\t\t\t\t\t<div class=\"wpsp-read-more\"><a title=\"Es gibt einen neuen Vorstand !\" class=\"wp-show-posts-read-more\" href=\"https:\/\/dialogbrhv.de\/index.php\/2022\/05\/31\/neuer-vorstand\/\">weiterlesen<\/a><\/div><\/div><!-- wp-show-posts-inner --><\/article><article class=\" wp-show-posts-single post-2473 post type-post status-publish format-standard has-post-thumbnail hentry category-aktuelles category-presse wpsp-col-4\" itemtype=\"http:\/\/schema.org\/CreativeWork\" itemscope><div class=\"wp-show-posts-inner\" style=\"\">\t\t\t\t\t\t<header class=\"wp-show-posts-entry-header\">\n\t\t\t\t\t\t\t<h2 class=\"wp-show-posts-entry-title\" itemprop=\"headline\"><a href=\"https:\/\/dialogbrhv.de\/index.php\/2021\/12\/08\/impfgegnerinnen-verharmlosen-holocaust\/\" rel=\"bookmark\">Impfgegner*innen verharmlosen Holocaust<\/a><\/h2><div class=\"wp-show-posts-entry-meta wp-show-posts-entry-meta-below-title post-meta-inline\"><span class=\"wp-show-posts-posted-on wp-show-posts-meta\">\n\t\t\t\t\t<a href=\"https:\/\/dialogbrhv.de\/index.php\/2021\/12\/08\/impfgegnerinnen-verharmlosen-holocaust\/\" title=\"01:21\" rel=\"bookmark\"><time class=\"wp-show-posts-entry-date published\" datetime=\"2021-12-08T01:21:12+01:00\" itemprop=\"datePublished\">8. Dezember 2021<\/time><time class=\"wp-show-posts-updated\" datetime=\"2021-12-08T01:50:09+01:00\" itemprop=\"dateModified\">8. Dezember 2021<\/time><\/a>\n\t\t\t\t<\/span><\/div>\t\t\t\t\t\t<\/header><!-- .entry-header -->\n\t\t\t\t\t\t\t<div class=\"wp-show-posts-image  wpsp-image-center \">\n\t\t\t<a href=\"https:\/\/dialogbrhv.de\/index.php\/2021\/12\/08\/impfgegnerinnen-verharmlosen-holocaust\/\"  title=\"Impfgegner*innen verharmlosen Holocaust\"><img width=\"500\" height=\"412\" src=\"https:\/\/dialogbrhv.de\/wp-content\/uploads\/2019\/10\/Logo_BBB_weiss_mitHG-rotated-farbig.geaendert-2.png\" class=\"attachment-full size-full wp-post-image\" alt=\"\" loading=\"lazy\" itemprop=\"image\" srcset=\"https:\/\/dialogbrhv.de\/wp-content\/uploads\/2019\/10\/Logo_BBB_weiss_mitHG-rotated-farbig.geaendert-2.png 500w, https:\/\/dialogbrhv.de\/wp-content\/uploads\/2019\/10\/Logo_BBB_weiss_mitHG-rotated-farbig.geaendert-2-300x247.png 300w\" sizes=\"(max-width: 500px) 100vw, 500px\" \/><\/a>\t\t<\/div>\n\t\t\t\t\t\t\t\t<div class=\"wp-show-posts-entry-summary\" itemprop=\"text\">\n\t\t\t\t\t\t\t<p>Seit einigen Wochen werden in Bremerhaven impfgegnerische Parolen (z.B. am Deich, vor einigen Gesch\u00e4ften, Schulen, Kinderg\u00e4rten) gespr\u00fcht. Sie fordern dazu auf, sich nicht impfen zu lassen, sprechen hinsichtlich der Coronabestimmungen von einem &#8222;Genozid\u201c oder reden von einer drohenden &#8222;Diktatur&#8220; , die die Freiheit einschr\u00e4nken soll.<\/p>\n\t\t\t\t\t\t<\/div><!-- .entry-summary -->\n\t\t\t\t\t<div class=\"wpsp-read-more\"><a title=\"Impfgegner*innen verharmlosen Holocaust\" class=\"wp-show-posts-read-more\" href=\"https:\/\/dialogbrhv.de\/index.php\/2021\/12\/08\/impfgegnerinnen-verharmlosen-holocaust\/\">weiterlesen<\/a><\/div><\/div><!-- wp-show-posts-inner --><\/article><article class=\" wp-show-posts-single post-2451 post type-post status-publish format-standard has-post-thumbnail hentry category-aktuelles category-presse wpsp-col-4\" itemtype=\"http:\/\/schema.org\/CreativeWork\" itemscope><div class=\"wp-show-posts-inner\" style=\"\">\t\t\t\t\t\t<header class=\"wp-show-posts-entry-header\">\n\t\t\t\t\t\t\t<h2 class=\"wp-show-posts-entry-title\" itemprop=\"headline\"><a href=\"https:\/\/dialogbrhv.de\/index.php\/2021\/11\/20\/es-geht-um-menschen-nicht-um-zaeune\/\" rel=\"bookmark\">Es geht um Menschen, nicht um Z\u00e4une!<\/a><\/h2><div class=\"wp-show-posts-entry-meta wp-show-posts-entry-meta-below-title post-meta-inline\"><span class=\"wp-show-posts-posted-on wp-show-posts-meta\">\n\t\t\t\t\t<a href=\"https:\/\/dialogbrhv.de\/index.php\/2021\/11\/20\/es-geht-um-menschen-nicht-um-zaeune\/\" title=\"15:45\" rel=\"bookmark\"><time class=\"wp-show-posts-entry-date published\" datetime=\"2021-11-20T15:45:21+01:00\" itemprop=\"datePublished\">20. November 2021<\/time><time class=\"wp-show-posts-updated\" datetime=\"2021-12-08T01:44:37+01:00\" itemprop=\"dateModified\">8. Dezember 2021<\/time><\/a>\n\t\t\t\t<\/span><\/div>\t\t\t\t\t\t<\/header><!-- .entry-header -->\n\t\t\t\t\t\t\t<div class=\"wp-show-posts-image  wpsp-image-center \">\n\t\t\t<a href=\"https:\/\/dialogbrhv.de\/index.php\/2021\/11\/20\/es-geht-um-menschen-nicht-um-zaeune\/\"  title=\"Es geht um Menschen, nicht um Z\u00e4une!\"><img width=\"512\" height=\"372\" src=\"https:\/\/dialogbrhv.de\/wp-content\/uploads\/2021\/11\/Alle-Logos-transparent-sichtbar_512x372.png\" class=\"attachment-full size-full wp-post-image\" alt=\"\" loading=\"lazy\" itemprop=\"image\" srcset=\"https:\/\/dialogbrhv.de\/wp-content\/uploads\/2021\/11\/Alle-Logos-transparent-sichtbar_512x372.png 512w, https:\/\/dialogbrhv.de\/wp-content\/uploads\/2021\/11\/Alle-Logos-transparent-sichtbar_512x372-300x218.png 300w, https:\/\/dialogbrhv.de\/wp-content\/uploads\/2021\/11\/Alle-Logos-transparent-sichtbar_512x372-150x109.png 150w\" sizes=\"(max-width: 512px) 100vw, 512px\" \/><\/a>\t\t<\/div>\n\t\t\t\t\t\t\t\t<div class=\"wp-show-posts-entry-summary\" itemprop=\"text\">\n\t\t\t\t\t\t\t<p>Egal, ob es um das Ertrinken von Gefl\u00fcchteten im Mittelmeer, die Push back &#8211; Aktionen Richtung T\u00fcrkei oder die aktuelle Situation an der Grenze von Belarus und Polen geht: Menschen mit Herz und Verstand k\u00f6nnen den Geschehnissen an den europ\u00e4ischen Au\u00dfengrenzen nur noch mit Entsetzen zuschauen.<\/p>\n\t\t\t\t\t\t<\/div><!-- .entry-summary -->\n\t\t\t\t\t<div class=\"wpsp-read-more\"><a title=\"Es geht um Menschen, nicht um Z\u00e4une!\" class=\"wp-show-posts-read-more\" href=\"https:\/\/dialogbrhv.de\/index.php\/2021\/11\/20\/es-geht-um-menschen-nicht-um-zaeune\/\">weiterlesen<\/a><\/div><\/div><!-- wp-show-posts-inner --><\/article><div class=\"wpsp-clear\"><\/div><\/section><!-- .wp-show-posts -->\n","protected":false},"excerpt":{"rendered":"","protected":false},"author":6,"featured_media":0,"parent":0,"menu_order":0,"comment_status":"closed","ping_status":"closed","template":"template-fullwidth.php","meta":{"_coblocks_attr":"","_coblocks_dimensions":"","_coblocks_responsive_height":"","_coblocks_accordion_ie_support":"","inline_featured_image":false,"spay_email":""},"yoast_head":"<!-- This site is optimized with the Yoast SEO plugin v18.3 - https:\/\/yoast.com\/wordpress\/plugins\/seo\/ -->\n<title>Pressemitteilungen - Dialog - Verein f\u00fcr gleiche Rechte e.V.<\/title>\n<meta name=\"robots\" content=\"index, follow, max-snippet:-1, max-image-preview:large, max-video-preview:-1\" \/>\n<link rel=\"canonical\" href=\"https:\/\/dialogbrhv.de\/index.php\/pressemitteilungen\/\" \/>\n<meta property=\"og:locale\" content=\"de_DE\" \/>\n<meta property=\"og:type\" content=\"article\" \/>\n<meta property=\"og:title\" content=\"Pressemitteilungen - Dialog - Verein f\u00fcr gleiche Rechte e.V.\" \/>\n<meta property=\"og:url\" content=\"https:\/\/dialogbrhv.de\/index.php\/pressemitteilungen\/\" \/>\n<meta property=\"og:site_name\" content=\"Dialog - Verein f\u00fcr gleiche Rechte e.V.\" \/>\n<meta property=\"article:modified_time\" content=\"2021-08-02T09:36:09+00:00\" \/>\n<meta name=\"twitter:card\" content=\"summary_large_image\" \/>\n<meta name=\"twitter:label1\" content=\"Gesch\u00e4tzte Lesezeit\" \/>\n\t<meta name=\"twitter:data1\" content=\"1 Minute\" \/>\n<script type=\"application\/ld+json\" class=\"yoast-schema-graph\">{\"@context\":\"https:\/\/schema.org\",\"@graph\":[{\"@type\":\"Organization\",\"@id\":\"http:\/\/dialogbrhv.de\/#organization\",\"name\":\"DIALOG - Verein f\u00fcr gleiche Rechte e.V.\",\"url\":\"http:\/\/dialogbrhv.de\/\",\"sameAs\":[],\"logo\":{\"@type\":\"ImageObject\",\"@id\":\"http:\/\/dialogbrhv.de\/#logo\",\"inLanguage\":\"de-DE\",\"url\":\"https:\/\/dialogbrhv.de\/wp-content\/uploads\/2019\/09\/dialog_logo_v3.0_text_ausrichtungen_grundvorlage_dialog_normal_textstil1_17cm_stern_globus.svg_.png\",\"contentUrl\":\"https:\/\/dialogbrhv.de\/wp-content\/uploads\/2019\/09\/dialog_logo_v3.0_text_ausrichtungen_grundvorlage_dialog_normal_textstil1_17cm_stern_globus.svg_.png\",\"width\":211,\"height\":214,\"caption\":\"DIALOG - Verein f\u00fcr gleiche Rechte e.V.\"},\"image\":{\"@id\":\"http:\/\/dialogbrhv.de\/#logo\"}},{\"@type\":\"WebSite\",\"@id\":\"http:\/\/dialogbrhv.de\/#website\",\"url\":\"http:\/\/dialogbrhv.de\/\",\"name\":\"Dialog - Verein f\u00fcr gleiche Rechte e.V.\",\"description\":\"\",\"publisher\":{\"@id\":\"http:\/\/dialogbrhv.de\/#organization\"},\"potentialAction\":[{\"@type\":\"SearchAction\",\"target\":{\"@type\":\"EntryPoint\",\"urlTemplate\":\"http:\/\/dialogbrhv.de\/?s={search_term_string}\"},\"query-input\":\"required name=search_term_string\"}],\"inLanguage\":\"de-DE\"},{\"@type\":\"WebPage\",\"@id\":\"https:\/\/dialogbrhv.de\/index.php\/pressemitteilungen\/#webpage\",\"url\":\"https:\/\/dialogbrhv.de\/index.php\/pressemitteilungen\/\",\"name\":\"Pressemitteilungen - Dialog - Verein f\u00fcr gleiche Rechte e.V.\",\"isPartOf\":{\"@id\":\"http:\/\/dialogbrhv.de\/#website\"},\"datePublished\":\"2019-04-28T11:24:00+00:00\",\"dateModified\":\"2021-08-02T09:36:09+00:00\",\"breadcrumb\":{\"@id\":\"https:\/\/dialogbrhv.de\/index.php\/pressemitteilungen\/#breadcrumb\"},\"inLanguage\":\"de-DE\",\"potentialAction\":[{\"@type\":\"ReadAction\",\"target\":[\"https:\/\/dialogbrhv.de\/index.php\/pressemitteilungen\/\"]}]},{\"@type\":\"BreadcrumbList\",\"@id\":\"https:\/\/dialogbrhv.de\/index.php\/pressemitteilungen\/#breadcrumb\",\"itemListElement\":[{\"@type\":\"ListItem\",\"position\":1,\"name\":\"Startseite\",\"item\":\"http:\/\/dialogbrhv.de\/\"},{\"@type\":\"ListItem\",\"position\":2,\"name\":\"Pressemitteilungen\"}]}]}<\/script>\n<!-- \/ Yoast SEO plugin. -->","yoast_head_json":{"title":"Pressemitteilungen - Dialog - Verein f\u00fcr gleiche Rechte e.V.","robots":{"index":"index","follow":"follow","max-snippet":"max-snippet:-1","max-image-preview":"max-image-preview:large","max-video-preview":"max-video-preview:-1"},"canonical":"https:\/\/dialogbrhv.de\/index.php\/pressemitteilungen\/","og_locale":"de_DE","og_type":"article","og_title":"Pressemitteilungen - Dialog - Verein f\u00fcr gleiche Rechte e.V.","og_url":"https:\/\/dialogbrhv.de\/index.php\/pressemitteilungen\/","og_site_name":"Dialog - Verein f\u00fcr gleiche Rechte e.V.","article_modified_time":"2021-08-02T09:36:09+00:00","twitter_card":"summary_large_image","twitter_misc":{"Gesch\u00e4tzte Lesezeit":"1 Minute"},"schema":{"@context":"https:\/\/schema.org","@graph":[{"@type":"Organization","@id":"http:\/\/dialogbrhv.de\/#organization","name":"DIALOG - Verein f\u00fcr gleiche Rechte e.V.","url":"http:\/\/dialogbrhv.de\/","sameAs":[],"logo":{"@type":"ImageObject","@id":"http:\/\/dialogbrhv.de\/#logo","inLanguage":"de-DE","url":"https:\/\/dialogbrhv.de\/wp-content\/uploads\/2019\/09\/dialog_logo_v3.0_text_ausrichtungen_grundvorlage_dialog_normal_textstil1_17cm_stern_globus.svg_.png","contentUrl":"https:\/\/dialogbrhv.de\/wp-content\/uploads\/2019\/09\/dialog_logo_v3.0_text_ausrichtungen_grundvorlage_dialog_normal_textstil1_17cm_stern_globus.svg_.png","width":211,"height":214,"caption":"DIALOG - Verein f\u00fcr gleiche Rechte e.V."},"image":{"@id":"http:\/\/dialogbrhv.de\/#logo"}},{"@type":"WebSite","@id":"http:\/\/dialogbrhv.de\/#website","url":"http:\/\/dialogbrhv.de\/","name":"Dialog - Verein f\u00fcr gleiche Rechte e.V.","description":"","publisher":{"@id":"http:\/\/dialogbrhv.de\/#organization"},"potentialAction":[{"@type":"SearchAction","target":{"@type":"EntryPoint","urlTemplate":"http:\/\/dialogbrhv.de\/?s={search_term_string}"},"query-input":"required name=search_term_string"}],"inLanguage":"de-DE"},{"@type":"WebPage","@id":"https:\/\/dialogbrhv.de\/index.php\/pressemitteilungen\/#webpage","url":"https:\/\/dialogbrhv.de\/index.php\/pressemitteilungen\/","name":"Pressemitteilungen - Dialog - Verein f\u00fcr gleiche Rechte e.V.","isPartOf":{"@id":"http:\/\/dialogbrhv.de\/#website"},"datePublished":"2019-04-28T11:24:00+00:00","dateModified":"2021-08-02T09:36:09+00:00","breadcrumb":{"@id":"https:\/\/dialogbrhv.de\/index.php\/pressemitteilungen\/#breadcrumb"},"inLanguage":"de-DE","potentialAction":[{"@type":"ReadAction","target":["https:\/\/dialogbrhv.de\/index.php\/pressemitteilungen\/"]}]},{"@type":"BreadcrumbList","@id":"https:\/\/dialogbrhv.de\/index.php\/pressemitteilungen\/#breadcrumb","itemListElement":[{"@type":"ListItem","position":1,"name":"Startseite","item":"http:\/\/dialogbrhv.de\/"},{"@type":"ListItem","position":2,"name":"Pressemitteilungen"}]}]}},"_links":{"self":[{"href":"https:\/\/dialogbrhv.de\/index.php\/wp-json\/wp\/v2\/pages\/380"}],"collection":[{"href":"https:\/\/dialogbrhv.de\/index.php\/wp-json\/wp\/v2\/pages"}],"about":[{"href":"https:\/\/dialogbrhv.de\/index.php\/wp-json\/wp\/v2\/types\/page"}],"author":[{"embeddable":true,"href":"https:\/\/dialogbrhv.de\/index.php\/wp-json\/wp\/v2\/users\/6"}],"replies":[{"embeddable":true,"href":"https:\/\/dialogbrhv.de\/index.php\/wp-json\/wp\/v2\/comments?post=380"}],"version-history":[{"count":11,"href":"https:\/\/dialogbrhv.de\/index.php\/wp-json\/wp\/v2\/pages\/380\/revisions"}],"predecessor-version":[{"id":2700,"href":"https:\/\/dialogbrhv.de\/index.php\/wp-json\/wp\/v2\/pages\/380\/revisions\/2700"}],"wp:attachment":[{"href":"https:\/\/dialogbrhv.de\/index.php\/wp-json\/wp\/v2\/media?parent=380"}],"curies":[{"name":"wp","href":"https:\/\/api.w.org\/{rel}","templated":true}]}}